{"id":91,"date":"2021-12-17T12:14:16","date_gmt":"2021-12-17T11:14:16","guid":{"rendered":"https:\/\/emaus18.pl\/?page_id=91"},"modified":"2024-05-22T09:01:22","modified_gmt":"2024-05-22T07:01:22","slug":"deklaracja-dostepnosci","status":"publish","type":"page","link":"https:\/\/emaus18.pl\/?page_id=91","title":{"rendered":"Deklaracja dost\u0119pno\u015bci"},"content":{"rendered":"<p>[et_pb_section fb_built=&#8221;1&#8243; custom_padding_last_edited=&#8221;on|phone&#8221; _builder_version=&#8221;4.16&#8243; _module_preset=&#8221;default&#8221; background_image=&#8221;https:\/\/emaus18.pl\/wp-content\/uploads\/2021\/12\/deklaracja-dostepnosci-tlo-naglowek.jpg&#8221; custom_padding=&#8221;8vh||8vh||true|false&#8221; custom_padding_tablet=&#8221;5vh||5vh||true|false&#8221; custom_padding_phone=&#8221;3vh||3vh||true|false&#8221; global_colors_info=&#8221;{}&#8221;][et_pb_row _builder_version=&#8221;4.16&#8243; _module_preset=&#8221;default&#8221; global_colors_info=&#8221;{}&#8221;][et_pb_column type=&#8221;4_4&#8243; _builder_version=&#8221;4.16&#8243; _module_preset=&#8221;default&#8221; global_colors_info=&#8221;{}&#8221;][et_pb_text _builder_version=&#8221;4.16&#8243; _module_preset=&#8221;default&#8221; text_text_color=&#8221;#0063AF&#8221; header_text_align=&#8221;center&#8221; header_font_size=&#8221;45px&#8221; custom_margin=&#8221;0px||0px||true|false&#8221; custom_padding=&#8221;0px||0px||true|false&#8221; header_font_size_tablet=&#8221;45px&#8221; header_font_size_phone=&#8221;40px&#8221; header_font_size_last_edited=&#8221;on|phone&#8221; locked=&#8221;off&#8221; global_colors_info=&#8221;{}&#8221;]<\/p>\n<h1 id=\"\u201da11y-deklaracja\"><strong>Deklaracja dost\u0119pno\u015bci<br \/><\/strong><\/h1>\n<p>[\/et_pb_text][\/et_pb_column][\/et_pb_row][\/et_pb_section][et_pb_section fb_built=&#8221;1&#8243; _builder_version=&#8221;4.16&#8243; _module_preset=&#8221;default&#8221; global_colors_info=&#8221;{}&#8221;][et_pb_row make_equal=&#8221;on&#8221; _builder_version=&#8221;4.16&#8243; _module_preset=&#8221;default&#8221; width_tablet=&#8221;95%&#8221; width_phone=&#8221;95%&#8221; width_last_edited=&#8221;on|desktop&#8221; global_colors_info=&#8221;{}&#8221;][et_pb_column type=&#8221;4_4&#8243; _builder_version=&#8221;4.16&#8243; _module_preset=&#8221;default&#8221; global_colors_info=&#8221;{}&#8221;][et_pb_text _builder_version=&#8221;4.16&#8243; _module_preset=&#8221;default&#8221; text_font=&#8221;|300|||||||&#8221; text_font_size=&#8221;18px&#8221; text_orientation=&#8221;center&#8221; locked=&#8221;off&#8221; global_colors_info=&#8221;{}&#8221;]<\/p>\n<h2>Dost\u0119pno\u015b\u0107 cyfrowa<\/h2>\n<p>[\/et_pb_text][et_pb_text _builder_version=&#8221;4.16&#8243; _module_preset=&#8221;default&#8221; text_font=&#8221;|300|||||||&#8221; text_font_size=&#8221;18px&#8221; global_colors_info=&#8221;{}&#8221;]<\/p>\n<p id=\"a11y-wstep\"><strong>Deklaracja dost\u0119pno\u015bci serwisu Warsztatu Terapii Zaj\u0119ciowej Stowarzyszenia \u201eEMAUS\u201d, ul. Rondo Mogilskie 1 w Krakowie<\/strong><\/p>\n<p id=\"a11y-podmiot\"><strong>Warsztat Terapii Zaj\u0119ciowej Stowarzyszenia \u201eEMAUS\u201d, ul. Rondo Mogilskie 1 w Krakowie<\/strong> \u00a0zobowi\u0105zuje si\u0119 zapewni\u0107 dost\u0119pno\u015b\u0107 swojej strony internetowej zgodnie z ustaw\u0105 z dnia 4 kwietnia 2019 r. o dost\u0119pno\u015bci cyfrowej stron internetowych i aplikacji mobilnych podmiot\u00f3w publicznych.<\/p>\n<p>Strona internetowa jest cz\u0119\u015bciowo zgodna z ustaw\u0105 z dnia 4 kwietnia 2019 r. o dost\u0119pno\u015bci cyfrowej stron internetowych i aplikacji mobilnych podmiot\u00f3w publicznych z powodu niezgodno\u015bci lub wy\u0142\u0105cze\u0144 wymienionych poni\u017cej:<\/p>\n<p>Wymagania, kt\u00f3re nie zosta\u0142y spe\u0142nione:<\/p>\n<ul>\n<li>niekt\u00f3re z za\u0142\u0105cznik\u00f3w mog\u0105 nie posiada\u0107 warstwy tekstowej (skan)<\/li>\n<li>niekt\u00f3re z grafik nie posiadaj\u0105 tekst\u00f3w alternatywnych<\/li>\n<li>w niekt\u00f3rych dokumentach mo\u017ce nie by\u0107 zachowana hierarchiczno\u015b\u0107 nag\u0142\u00f3wk\u00f3w<\/li>\n<li>niekt\u00f3re z modu\u0142\u00f3w zintegrowanych z BIP MK mog\u0105 nie posiada\u0107 wersji kolorystycznych, odpowiednich kontrast\u00f3w, pe\u0142nej nawigacji za po\u015brednictwem klawiatury, przypisanych etykiet do p\u00f3l formularzy<\/li>\n<li>filmy nie posiadaj\u0105 napis\u00f3w dla os\u00f3b g\u0142uchych<\/li>\n<li>brak wbudowanego syntezatora mowy dla os\u00f3b niewidomych i s\u0142abowidz\u0105cych<\/li>\n<li>pliki audio nie posiadaj\u0105 audiodeskrypcji<\/li>\n<\/ul>\n<p><strong>Powody wy\u0142\u0105czenia:<\/strong><\/p>\n<p><strong><\/strong><\/p>\n<ul>\n<li><strong><\/strong>mapy s\u0105 wy\u0142\u0105czone z obowi\u0105zku zapewniania dost\u0119pno\u015bci<\/li>\n<li>dokumenty archiwalne mog\u0105 nie by\u0107 w pe\u0142ni dost\u0119pne<\/li>\n<li>internetowa strona domowa Stowarzyszenia &#8222;Emaus&#8221; jest systematycznie dostosowywana do zgodno\u015bci z ustaw\u0105 z dnia 4 kwietnia 2019 r. o dost\u0119pno\u015bci cyfrowej stron internetowych i aplikacji mobilnych podmiot\u00f3w publicznych<\/li>\n<\/ul>\n<p>O\u015bwiadczenie\u00a0w\u00a0sprawie\u00a0dost\u0119pno\u015bci\u00a0ma\u00a0zastosowanie\u00a0do\u00a0serwisu internetowego zamieszczonego\u00a0pod\u00a0adresem\u00a0<span><a href=\"http:\/\/www.emaus18.pl\" id=\"a11y-url\"><span style=\"color: #000000;\">www.emaus18.pl<\/span><\/a><\/span><br \/><span id=\"a11y-data-publikacja\"><strong>Data publikacji strony internetowej: 2021-09-21<\/strong><\/span><br \/><span id=\"a11y-data-aktualizacja\"><strong>Data\u00a0ostatniej\u00a0istotnej\u00a0aktualizacji:\u00a02021-09-21<\/strong><br \/><\/span><span id=\"a11y-status\">Strona internetowa jest cz\u0119\u015bciowo zgodna z ustaw\u0105 z dnia 4 kwietnia 2019 r. o dost\u0119pno\u015bci cyfrowej stron internetowych i aplikacji mobilnych podmiot\u00f3w publicznych.<br \/><strong><\/strong><\/span><strong><span id=\"a11y-data-sporzadzenie\">O\u015bwiadczenie sporz\u0105dzono dnia : 2021-09-22<\/span><\/strong><\/p>\n<p>Deklaracj\u0119 sporz\u0105dzono na podstawie samooceny przeprowadzonej przez podmiot publiczny.<\/p>\n<p>Strona posiada nast\u0119puj\u0105ce u\u0142atwienia dla os\u00f3b z niepe\u0142nosprawno\u015bciami:<\/p>\n<ol>\n<li>mo\u017cliwo\u015b\u0107 zmiany rozmiaru tekstu skr\u00f3tami klawiszowymi<\/li>\n<li>wyr\u00f3\u017cnienie odno\u015bnik\u00f3w<\/li>\n<li>dane teleadresowe<\/li>\n<li>link do deklaracji dost\u0119pno\u015bci<\/li>\n<li>wszelkie informacje zawarte w serwisie s\u0105 redagowane w spos\u00f3b zrozumia\u0142y i czytelny<\/li>\n<li>przystosowanie do urz\u0105dze\u0144 mobilnych<\/li>\n<\/ol>\n<p>[\/et_pb_text][\/et_pb_column][\/et_pb_row][et_pb_row make_equal=&#8221;on&#8221; _builder_version=&#8221;4.16&#8243; _module_preset=&#8221;default&#8221; width_tablet=&#8221;95%&#8221; width_phone=&#8221;95%&#8221; width_last_edited=&#8221;on|desktop&#8221; global_colors_info=&#8221;{}&#8221;][et_pb_column type=&#8221;4_4&#8243; _builder_version=&#8221;4.16&#8243; _module_preset=&#8221;default&#8221; global_colors_info=&#8221;{}&#8221;][et_pb_text _builder_version=&#8221;4.16&#8243; _module_preset=&#8221;default&#8221; text_font=&#8221;|300|||||||&#8221; text_font_size=&#8221;18px&#8221; text_orientation=&#8221;center&#8221; locked=&#8221;off&#8221; global_colors_info=&#8221;{}&#8221;]<\/p>\n<h2 id=\"a11y-kontakt\">Informacje zwrotne i dane kontaktowe<\/h2>\n<p>[\/et_pb_text][et_pb_text _builder_version=&#8221;4.16&#8243; _module_preset=&#8221;default&#8221; text_font=&#8221;|300|||||||&#8221; text_font_size=&#8221;18px&#8221; global_colors_info=&#8221;{}&#8221;]W przypadku problem\u00f3w z dost\u0119pno\u015bci\u0105 strony internetowej prosimy o kontakt. Osob\u0105 odpowiedzialn\u0105 jest <strong>Grzegorz Firek<\/strong>, adres poczty elektronicznej: <strong><span style=\"color: #000000;\"><a href=\"mailto:wtzemaus18@wp.pl\" id=\"a11y-email\" style=\"color: #000000;\" >wtzemaus18@wp.pl<\/a><\/span><span style=\"color: #000000;\">.<\/span> <\/strong>T\u0105 sam\u0105 drog\u0105 mo\u017cna sk\u0142ada\u0107 wnioski o udost\u0119pnienie informacji niedost\u0119pnej oraz sk\u0142ada\u0107 skargi na brak zapewnienia dost\u0119pno\u015bci.<\/p>\n<p>Ka\u017cdy ma prawo do wyst\u0105pienia z \u017c\u0105daniem zapewnienia dost\u0119pno\u015bci cyfrowej strony internetowej, aplikacji mobilnej lub jakiego\u015b ich elementu. Mo\u017cna tak\u017ce za\u017c\u0105da\u0107 udost\u0119pnienia informacji w formach alternatywnych, na przyk\u0142ad odczytanie niedost\u0119pnego cyfrowo dokumentu, opisania zawarto\u015bci filmu bez audio deskrypcji itp. \u017b\u0105danie powinno zawiera\u0107 dane osoby zg\u0142aszaj\u0105cej \u017c\u0105danie, wskazanie, o kt\u00f3r\u0105 stron\u0119 internetow\u0105 lub aplikacj\u0119 mobiln\u0105 chodzi oraz spos\u00f3b kontaktu. Je\u017celi osoba \u017c\u0105daj\u0105ca zg\u0142asza potrzeb\u0119 otrzymania informacji w formie alternatywnej, powinna tak\u017ce okre\u015bli\u0107 form\u0119 tej informacji.<\/p>\n<p>Podmiot publiczny powinien zrealizowa\u0107 \u017c\u0105danie niezw\u0142ocznie i nie p\u00f3\u017aniej, ni\u017c w ci\u0105gu 7 dni. Je\u017celi dotrzymanie tego terminu nie jest mo\u017cliwe, podmiot publiczny niezw\u0142ocznie informuje o tym, kiedy realizacja \u017c\u0105dania b\u0119dzie mo\u017cliwa, przy czym termin ten nie mo\u017ce by\u0107 d\u0142u\u017cszy ni\u017c 2 miesi\u0105ce. Je\u017celi zapewnienie dost\u0119pno\u015bci nie jest mo\u017cliwe, podmiot publiczny mo\u017ce zaproponowa\u0107 alternatywny spos\u00f3b dost\u0119pu do informacji.<\/p>\n<p>W przypadku, gdy podmiot odm\u00f3wi realizacji \u017c\u0105dania zapewnienia dost\u0119pno\u015bci lub alternatywnego dost\u0119pu do informacji, mo\u017cna z\u0142o\u017cy\u0107 skarg\u0119 na takie dzia\u0142anie.<\/p>\n<p>Po wyczerpaniu wszystkich mo\u017cliwo\u015bci skarg\u0119 mo\u017cna przes\u0142a\u0107 tak\u017ce do Rzecznika Praw Obywatelskich pod adresem <span><a href=\"https:\/\/www.rpo.gov.pl\/\"><span style=\"color: #000000;\">https:\/\/www.rpo.gov.pl\/<\/span><\/a><\/span>[\/et_pb_text][\/et_pb_column][\/et_pb_row][et_pb_row make_equal=&#8221;on&#8221; _builder_version=&#8221;4.16&#8243; _module_preset=&#8221;default&#8221; width_tablet=&#8221;95%&#8221; width_phone=&#8221;95%&#8221; width_last_edited=&#8221;on|desktop&#8221; global_colors_info=&#8221;{}&#8221;][et_pb_column type=&#8221;4_4&#8243; _builder_version=&#8221;4.16&#8243; _module_preset=&#8221;default&#8221; global_colors_info=&#8221;{}&#8221;][et_pb_text _builder_version=&#8221;4.16&#8243; _module_preset=&#8221;default&#8221; text_font=&#8221;|300|||||||&#8221; text_font_size=&#8221;18px&#8221; text_orientation=&#8221;center&#8221; locked=&#8221;off&#8221; global_colors_info=&#8221;{}&#8221;]<\/p>\n<h2>Skr\u00f3ty klawiaturowe<\/h2>\n<p>[\/et_pb_text][et_pb_text _builder_version=&#8221;4.16&#8243; _module_preset=&#8221;default&#8221; text_font=&#8221;|300|||||||&#8221; text_font_size=&#8221;18px&#8221; global_colors_info=&#8221;{}&#8221;]<\/p>\n<p>Na stronach internetowych Stowarzyszenia &#8222;Emaus&#8221; mo\u017cna u\u017cywa\u0107 standardowych skr\u00f3t\u00f3w klawiaturowych przegl\u0105darki. Brak dodatkowych skr\u00f3t\u00f3w.<\/p>\n<p>[\/et_pb_text][\/et_pb_column][\/et_pb_row][et_pb_row make_equal=&#8221;on&#8221; _builder_version=&#8221;4.16&#8243; _module_preset=&#8221;default&#8221; width_tablet=&#8221;95%&#8221; width_phone=&#8221;95%&#8221; width_last_edited=&#8221;on|desktop&#8221; global_colors_info=&#8221;{}&#8221;][et_pb_column type=&#8221;4_4&#8243; _builder_version=&#8221;4.16&#8243; _module_preset=&#8221;default&#8221; global_colors_info=&#8221;{}&#8221;][et_pb_text _builder_version=&#8221;4.16&#8243; _module_preset=&#8221;default&#8221; text_font=&#8221;|300|||||||&#8221; text_font_size=&#8221;18px&#8221; text_orientation=&#8221;center&#8221; locked=&#8221;off&#8221; global_colors_info=&#8221;{}&#8221;]<\/p>\n<h2 id=\"a11y-architektura\">Dost\u0119pno\u015b\u0107 architektoniczna<\/h2>\n<p>[\/et_pb_text][et_pb_text _builder_version=&#8221;4.16&#8243; _module_preset=&#8221;default&#8221; text_font=&#8221;|300|||||||&#8221; text_font_size=&#8221;18px&#8221; global_colors_info=&#8221;{}&#8221;]<\/p>\n<ol>\n<li><strong>Warsztat Terapii Zaj\u0119ciowej Stowarzyszenia EMAUS mie\u015bci si\u0119 na V pi\u0119trze w budynku przy UL. Rondo Mogilskie 1.<\/strong> Budynek jest sze\u015bcio-kondygnacyjny. Nasze pomieszczenia maj\u0105 numery od 501 do 509 oraz 516 i mieszcz\u0105 si\u0119 w prawym korytarzu od strony windy. Do budynku od strony ul. Lubicz prowadz\u0105 schody, znajduj\u0105ce si\u0119 naprzeciwko wej\u015bcia, a z lewej strony budynku od strony ul. Iwony Borowieckiej prowadzi rampa wjazdowa. Do budynku wchodzi si\u0119 przez drzwi, zaraz po wej\u015bciu na prawo znajduj\u0119 si\u0119 stanowisko portiera. Nie ma przycisku przywo\u0142awczego. W budynku nie ma \u017cadnej toalety dla os\u00f3b z niepe\u0142nosprawno\u015bciami. Na parkingu zosta\u0142y wyznaczone 2 \u00a0miejsce dla os\u00f3b z niepe\u0142nosprawno\u015bciami.<\/li>\n<li><strong>Informacje o doje\u017adzie do obiektu komunikacj\u0105 publiczn\u0105.<\/strong><br \/>Do Warsztatu Terapii Zaj\u0119ciowej Stowarzyszenia &#8222;EMAUS&#8221; przy ulicy Rondo Mogilskie 1 mo\u017cna dojecha\u0107 komunikacj\u0105 miejsk\u0105 (liniami tramwajowymi oraz autobusowymi).<br \/><strong>Przystanek: Rondo Mogilskie<\/strong><\/li>\n<\/ol>\n<ol><\/ol>\n<p>[\/et_pb_text][et_pb_image src=&#8221;https:\/\/emaus18.pl\/wp-content\/uploads\/2022\/01\/mapka-rozklad-przystankow.jpg&#8221; alt=&#8221;Mapa przedstawiaj\u0105ca rozmieszczenie przystank\u00f3w tramwajowych oraz autobusowych przy Rondzie Mogilskim (zrzut ekranu)&#8221; title_text=&#8221;Mapa przedstawiaj\u0105ca rozmieszczenie przystank\u00f3w tramwajowych oraz autobusowych przy Rondzie Mogilskim&#8221; show_in_lightbox=&#8221;on&#8221; align=&#8221;center&#8221; _builder_version=&#8221;4.16&#8243; _module_preset=&#8221;default&#8221; global_colors_info=&#8221;{}&#8221;][\/et_pb_image][et_pb_text _builder_version=&#8221;4.16&#8243; _module_preset=&#8221;default&#8221; text_font=&#8221;|300|||||||&#8221; text_font_size=&#8221;18px&#8221; global_colors_info=&#8221;{}&#8221;]<\/p>\n<p><strong>W zakresie dost\u0119pno\u015bci architektonicznej:<\/strong><\/p>\n<ol>\n<li>Przestrzenie komunikacyjne budynku s\u0105 wolne od barier poziomych i pionowych (komunikacja pozioma &#8211; korytarze na jednym poziomie, komunikacja pionowa \u2013 windy, podjazdy).<\/li>\n<li>Przestrzenie komunikacyjne Warsztatu Terapii Zaj\u0119ciowej nie s\u0105 wolne od barier poziomych &#8211; korytarz na jednym poziomie po lewej stronie po wej\u015bciu do naszych pomieszcze\u0144 przew\u0119\u017cony ustawionymi szafami.<\/li>\n<li>W budynku nie ma zainstalowanych urz\u0105dze\u0144 i nie s\u0105 zastosowane \u015brodki techniczne i inne rozwi\u0105zania architektoniczne, kt\u00f3re umo\u017cliwia\u0142yby dost\u0119p do wszystkich pomieszcze\u0144 \u2013 zw\u0142aszcza \u0142azienki nie s\u0105 dostosowane do os\u00f3b z niepe\u0142nosprawno\u015bciami, kt\u00f3re poruszaj\u0105 si\u0119 na w\u00f3zkach inwalidzkich.<\/li>\n<li>Informacja o rozk\u0142adzie pomieszcze\u0144 w budynku jest zapewniona w spos\u00f3b wizualny przez administratora budynku, a Warsztat Terapii Zaj\u0119ciowej w korytarzu przed drzwiami wej\u015bciowymi do plac\u00f3wki ma r\u00f3wnie\u017c tablic\u0119 informacyjn\u0105 z rozk\u0142adem pomieszcze\u0144 w spos\u00f3b wizualny i dotykowy.<\/li>\n<li>Osobom ze szczeg\u00f3lnymi potrzebami zapewniona jest mo\u017cliwo\u015b\u0107 ewakuacji lub ich uratowania w inny spos\u00f3b; oznaczane s\u0105 drogi ewakuacji. W ca\u0142ym budynku nie ma komunikat\u00f3w wizualnych ani d\u017awi\u0119kowych, informuj\u0105cych o odbywaj\u0105cej si\u0119 ewakuacji.<\/li>\n<li>Do budynku i wszystkich jego pomieszcze\u0144 w tym do Warsztatu Terapii Zaj\u0119ciowej mo\u017cna wej\u015b\u0107 z psem asystuj\u0105cym i psem przewodnikiem.<\/li>\n<\/ol>\n<p>[\/et_pb_text][\/et_pb_column][\/et_pb_row][et_pb_row make_equal=&#8221;on&#8221; _builder_version=&#8221;4.16&#8243; _module_preset=&#8221;default&#8221; width_tablet=&#8221;95%&#8221; width_phone=&#8221;95%&#8221; width_last_edited=&#8221;on|desktop&#8221; global_colors_info=&#8221;{}&#8221;][et_pb_column type=&#8221;4_4&#8243; _builder_version=&#8221;4.16&#8243; _module_preset=&#8221;default&#8221; global_colors_info=&#8221;{}&#8221;][et_pb_text _builder_version=&#8221;4.16&#8243; _module_preset=&#8221;default&#8221; text_font=&#8221;|300|||||||&#8221; text_font_size=&#8221;18px&#8221; text_orientation=&#8221;center&#8221; locked=&#8221;off&#8221; global_colors_info=&#8221;{}&#8221;]<\/p>\n<h2 id=\"a11y-architektura\">W zakresie dost\u0119pno\u015bci informacyjno-komunikacyjnej<\/h2>\n<p>[\/et_pb_text][et_pb_text _builder_version=&#8221;4.16&#8243; _module_preset=&#8221;default&#8221; text_font=&#8221;|300|||||||&#8221; text_font_size=&#8221;18px&#8221; global_colors_info=&#8221;{}&#8221;]<\/p>\n<p>W Warsztacie Terapii Zaj\u0119ciowej nazwa plac\u00f3wki na drzwiach wej\u015bciowych oraz nazwy pracowni na drzwiach pracowni lub na \u015bcianie maj\u0105 oznaczenia w alfabecie Braille\u2019a.<\/p>\n<p>&nbsp;<\/p>\n<ol>\n<li style=\"list-style-type: none;\">\n<ol>\n<li>Istnieje mo\u017cliwo\u015b\u0107 skorzystania z\u00a0<strong>\u00a0<span style=\"color: #000000;\">wideo-t\u0142umacza polskiego j\u0119zyka migowego<\/span><\/strong> online.<\/li>\n<li>Osoba uprawniona, kt\u00f3ra chce skorzysta\u0107 z po\u015brednictwa t\u0142umacza zobowi\u0105zana jest do zg\u0142oszenia tego faktu na co najmniej 3 dni robocze przed planowan\u0105 wizyt\u0105 w WTZ (z wy\u0142\u0105czeniem sytuacji nag\u0142ych). Ch\u0119\u0107 skorzystania z us\u0142ugi nale\u017cy zg\u0142osi\u0107 w formie pisemnej ( na adres mailowy) lub telefonicznie.<\/li>\n<li>Przedmiotowe \u015bwiadczenie jest bezp\u0142atne dla osoby uprawionej b\u0119d\u0105cej osob\u0105 niepe\u0142nosprawn\u0105 w rozumieniu ustawy z dnia 27 sierpnia 1997 r. o rehabilitacji zawodowej i spo\u0142ecznej oraz zatrudnianiu os\u00f3b niepe\u0142nosprawnych.<\/li>\n<li>\u00a0WTZ zapewnia obs\u0142ug\u0119 osoby uprawnionej, w terminie przez ni\u0105 wyznaczonym,<br \/>a pracownik merytoryczny kontaktuje si\u0119 za pomoc\u0105 wybranego sposobu komunikacji (sms, mail, faks, tel.) z osob\u0105 uprawnion\u0105 w celu potwierdzenia miejsca i terminu wizyty.<\/li>\n<li>W przypadku braku mo\u017cliwo\u015bci realizacji \u015bwiadczenia w wyznaczonym terminie, WTZ zawiadamia o tym osob\u0119 uprawnion\u0105, a pracownik merytoryczny uzgadnia inny termin realizacji \u015bwiadczenia lub wskazuje inn\u0105 form\u0119 realizacji.<\/li>\n<li>\u00a0W Warsztacie Terapii Zaj\u0119ciowej <strong>znajduje si\u0119 p\u0119tla indukcyjna,<\/strong> kt\u00f3rej celem jest wspomaganie s\u0142yszenia.<\/li>\n<li>\u00a0Zapewniano na stronie internetowej podmiotu informacje o zakresie jego dzia\u0142alno\u015bci\u00a0 \u2013 w postaci pliku zawieraj\u0105cego tekst odczytywany maszynowo i tekst \u0142atwy do czytania, jak i <strong>jest informacja na stronie w polskim j\u0119zyku migowym (PJM) o WTZ, jak i procedurze przyj\u0119cia do WTZ.<\/strong><\/li>\n<li>Zapewnienie komunikacji na wniosek osoby ze szczeg\u00f3lnymi potrzebami w formie okre\u015blonej w tym wniosku \u2013 \u00a0kontakt telefoniczny, mailowy, pracownik mo\u017ce r\u00f3wnie\u017c zej\u015b\u0107 na d\u00f3\u0142 do klienta po zawiadomieniu przez osob\u0119 wnioskuj\u0105c\u0105. Pracownicy Warsztatu Terapii Zaj\u0119ciowej Stowarzyszenia EMAUS s\u0105 przeszkoleni w zakresie pomocy osobom z niepe\u0142nosprawno\u015bci\u0105 w zakresie udzielania kompleksowej informacji, asy\u015bcie, pomocy w przemieszczaniu si\u0119 po budynku.<\/li>\n<\/ol>\n<\/li>\n<\/ol>\n<p>[\/et_pb_text][\/et_pb_column][\/et_pb_row][\/et_pb_section][et_pb_section fb_built=&#8221;1&#8243; _builder_version=&#8221;4.16&#8243; _module_preset=&#8221;default&#8221; global_colors_info=&#8221;{}&#8221;][et_pb_row make_equal=&#8221;on&#8221; _builder_version=&#8221;4.16&#8243; _module_preset=&#8221;default&#8221; width_tablet=&#8221;95%&#8221; width_phone=&#8221;95%&#8221; width_last_edited=&#8221;on|desktop&#8221; global_colors_info=&#8221;{}&#8221;][et_pb_column type=&#8221;4_4&#8243; _builder_version=&#8221;4.16&#8243; _module_preset=&#8221;default&#8221; global_colors_info=&#8221;{}&#8221;][et_pb_text _builder_version=&#8221;4.16&#8243; _module_preset=&#8221;default&#8221; text_font=&#8221;|300|||||||&#8221; text_font_size=&#8221;18px&#8221; global_colors_info=&#8221;{}&#8221;]<\/p>\n<p>Klikaj\u0105c <a href=\"https:\/\/emaus18.pl\/wp-content\/uploads\/2022\/02\/Wniosek_o_zapewnienie_dostepnosci.pdf\"><span style=\"text-decoration: underline; color: #000000;\"><strong>tutaj<\/strong><\/span><\/a> mo\u017cna pobra\u0107 &#8222;Wniosek o zapewnienie dost\u0119pno\u015bci&#8221; w formacie .pdf<\/p>\n<p>[\/et_pb_text][\/et_pb_column][\/et_pb_row][\/et_pb_section]<\/p>\n","protected":false},"excerpt":{"rendered":"<p>Deklaracja dost\u0119pno\u015bciDost\u0119pno\u015b\u0107 cyfrowaDeklaracja dost\u0119pno\u015bci serwisu Warsztatu Terapii Zaj\u0119ciowej Stowarzyszenia \u201eEMAUS\u201d, ul. Rondo Mogilskie 1 w Krakowie Warsztat Terapii Zaj\u0119ciowej Stowarzyszenia \u201eEMAUS\u201d, ul. Rondo Mogilskie 1 w Krakowie \u00a0zobowi\u0105zuje si\u0119 zapewni\u0107 dost\u0119pno\u015b\u0107 swojej strony internetowej zgodnie z ustaw\u0105 z dnia 4 kwietnia 2019 r. o dost\u0119pno\u015bci cyfrowej stron internetowych i aplikacji mobilnych podmiot\u00f3w publicznych. Strona internetowa [&hellip;]<\/p>\n","protected":false},"author":1,"featured_media":0,"parent":0,"menu_order":0,"comment_status":"closed","ping_status":"closed","template":"","meta":{"_et_pb_use_builder":"on","_et_pb_old_content":"","_et_gb_content_width":"","footnotes":""},"class_list":["post-91","page","type-page","status-publish","hentry"],"_links":{"self":[{"href":"https:\/\/emaus18.pl\/index.php?rest_route=\/wp\/v2\/pages\/91","targetHints":{"allow":["GET"]}}],"collection":[{"href":"https:\/\/emaus18.pl\/index.php?rest_route=\/wp\/v2\/pages"}],"about":[{"href":"https:\/\/emaus18.pl\/index.php?rest_route=\/wp\/v2\/types\/page"}],"author":[{"embeddable":true,"href":"https:\/\/emaus18.pl\/index.php?rest_route=\/wp\/v2\/users\/1"}],"replies":[{"embeddable":true,"href":"https:\/\/emaus18.pl\/index.php?rest_route=%2Fwp%2Fv2%2Fcomments&post=91"}],"version-history":[{"count":23,"href":"https:\/\/emaus18.pl\/index.php?rest_route=\/wp\/v2\/pages\/91\/revisions"}],"predecessor-version":[{"id":8559,"href":"https:\/\/emaus18.pl\/index.php?rest_route=\/wp\/v2\/pages\/91\/revisions\/8559"}],"wp:attachment":[{"href":"https:\/\/emaus18.pl\/index.php?rest_route=%2Fwp%2Fv2%2Fmedia&parent=91"}],"curies":[{"name":"wp","href":"https:\/\/api.w.org\/{rel}","templated":true}]}}