{"id":145,"date":"2021-12-17T13:44:09","date_gmt":"2021-12-17T12:44:09","guid":{"rendered":"https:\/\/emaus18.pl\/?page_id=145"},"modified":"2024-10-05T08:56:29","modified_gmt":"2024-10-05T06:56:29","slug":"o-nas","status":"publish","type":"page","link":"https:\/\/emaus18.pl\/?page_id=145","title":{"rendered":"O nas"},"content":{"rendered":"<p>[et_pb_section fb_built=&#8221;1&#8243; custom_padding_last_edited=&#8221;on|phone&#8221; _builder_version=&#8221;4.16&#8243; _module_preset=&#8221;default&#8221; background_image=&#8221;https:\/\/emaus18.pl\/wp-content\/uploads\/2021\/12\/tlo-o-nas.jpg&#8221; custom_padding=&#8221;8vh||8vh||true|false&#8221; custom_padding_tablet=&#8221;5vh||5vh||true|false&#8221; custom_padding_phone=&#8221;3vh||3vh||true|false&#8221; global_colors_info=&#8221;{}&#8221;][et_pb_row _builder_version=&#8221;4.16&#8243; _module_preset=&#8221;default&#8221; global_colors_info=&#8221;{}&#8221;][et_pb_column type=&#8221;4_4&#8243; _builder_version=&#8221;4.16&#8243; _module_preset=&#8221;default&#8221; global_colors_info=&#8221;{}&#8221;][et_pb_text _builder_version=&#8221;4.16&#8243; _module_preset=&#8221;default&#8221; text_text_color=&#8221;#0063AF&#8221; header_text_align=&#8221;center&#8221; header_font_size=&#8221;45px&#8221; custom_margin=&#8221;0px||0px||true|false&#8221; custom_padding=&#8221;0px||0px||true|false&#8221; header_font_size_tablet=&#8221;45px&#8221; header_font_size_phone=&#8221;40px&#8221; header_font_size_last_edited=&#8221;on|phone&#8221; locked=&#8221;off&#8221; global_colors_info=&#8221;{}&#8221;]<\/p>\n<h1 id=\"\u201da11y-deklaracja\"><strong>O nas<br \/><\/strong><\/h1>\n<p>[\/et_pb_text][\/et_pb_column][\/et_pb_row][\/et_pb_section][et_pb_section fb_built=&#8221;1&#8243; _builder_version=&#8221;4.16&#8243; _module_preset=&#8221;default&#8221; custom_padding=&#8221;||||false|false&#8221; global_colors_info=&#8221;{}&#8221;][et_pb_row make_equal=&#8221;on&#8221; _builder_version=&#8221;4.16&#8243; _module_preset=&#8221;default&#8221; width_tablet=&#8221;95%&#8221; width_phone=&#8221;95%&#8221; width_last_edited=&#8221;on|desktop&#8221; global_colors_info=&#8221;{}&#8221;][et_pb_column type=&#8221;4_4&#8243; _builder_version=&#8221;4.16&#8243; _module_preset=&#8221;default&#8221; global_colors_info=&#8221;{}&#8221;][et_pb_text _builder_version=&#8221;4.16&#8243; _module_preset=&#8221;default&#8221; text_font=&#8221;|300|||||||&#8221; text_font_size=&#8221;18px&#8221; text_orientation=&#8221;center&#8221; custom_margin=&#8221;||10px|||&#8221; locked=&#8221;off&#8221; global_colors_info=&#8221;{}&#8221;]<\/p>\n<h2>WARSZTAT TERAPII ZAJ\u0118CIOWEJ<\/h2>\n<p>[\/et_pb_text][et_pb_divider divider_weight=&#8221;4px&#8221; _builder_version=&#8221;4.16&#8243; _module_preset=&#8221;default&#8221; width=&#8221;100px&#8221; module_alignment=&#8221;center&#8221; custom_margin=&#8221;||10px||false|false&#8221; locked=&#8221;off&#8221; global_colors_info=&#8221;{}&#8221;][\/et_pb_divider][et_pb_text _builder_version=&#8221;4.16&#8243; _module_preset=&#8221;default&#8221; text_font=&#8221;|300|||||||&#8221; text_font_size=&#8221;18px&#8221; global_colors_info=&#8221;{}&#8221;]<\/p>\n<p>Za\u0142o\u017cony zosta\u0142 15 marca 1993 roku i jest to plac\u00f3wk\u0105 pobytu dziennego dla os\u00f3b z miasta Krakowa i gmin o\u015bciennych (po podpisaniu porozumienia mi\u0119dzy Gmin\u0105 Miejsk\u0105 Krak\u00f3w, a gmin\u0105 o\u015bcienn\u0105). WTZ prowadzi kompleksow\u0105 rehabilitacj\u0119 35 os\u00f3b z niepe\u0142nosprawno\u015bci\u0105 intelektualn\u0105. Formy terapii zawodowej i spo\u0142ecznej skierowane s\u0105 do os\u00f3b ze znacznym lub umiarkowanym stopniem niepe\u0142nosprawno\u015bci.<\/p>\n<p>Celem pobytu jest rehabilitacja zmierzaj\u0105ca do maksymalnie mo\u017cliwej samodzielno\u015bci &#8211; od samodzielno\u015bci w czynno\u015bciach \u017cycia codziennego, poprzez samodzielno\u015b\u0107 spo\u0142eczn\u0105, a\u017c do zatrudnienia.<\/p>\n<p>Warsztaty stawiaj\u0105 w pracy terapeutycznej na przygotowanie uczestnik\u00f3w do pe\u0142nienia doros\u0142ych r\u00f3l spo\u0142ecznych i zawodowych, aktywne i \u015bwiadome uczestnictwo w \u017cyciu spo\u0142ecznym oraz nauk\u0119 radzenia sobie z trudami dnia codziennego. Stwarzaj\u0105 te\u017c warunki do indywidualnego rozwoju ka\u017cdego uczestnika, a jednocze\u015bnie kszta\u0142towania jego wra\u017cliwo\u015bci artystycznej, rozwoju zainteresowa\u0144. Przygotowuj\u0105 do pracy, pomagaj\u0105 w znalezieniu zatrudnienia, a tak\u017ce stosuj\u0105 zatrudnienie wspomagane.<\/p>\n<p>Bezp\u0142atne zaj\u0119cia prowadzone s\u0105 od poniedzia\u0142ku do pi\u0105tku w godz. Od 7.00 do 15.00.<\/p>\n<p>[\/et_pb_text][\/et_pb_column][\/et_pb_row][\/et_pb_section][et_pb_section fb_built=&#8221;1&#8243; _builder_version=&#8221;4.16&#8243; _module_preset=&#8221;default&#8221; background_color=&#8221;rgba(255,180,66,0.1)&#8221; custom_padding=&#8221;0px||0px|||&#8221; global_colors_info=&#8221;{}&#8221;][et_pb_row make_equal=&#8221;on&#8221; _builder_version=&#8221;4.16&#8243; _module_preset=&#8221;default&#8221; width_tablet=&#8221;95%&#8221; width_phone=&#8221;95%&#8221; width_last_edited=&#8221;on|desktop&#8221; global_colors_info=&#8221;{}&#8221;][et_pb_column type=&#8221;4_4&#8243; _builder_version=&#8221;4.16&#8243; _module_preset=&#8221;default&#8221; global_colors_info=&#8221;{}&#8221;][et_pb_text _builder_version=&#8221;4.16&#8243; _module_preset=&#8221;default&#8221; text_font=&#8221;|300|||||||&#8221; text_font_size=&#8221;18px&#8221; text_orientation=&#8221;center&#8221; custom_margin=&#8221;||10px||false|false&#8221; locked=&#8221;off&#8221; global_colors_info=&#8221;{}&#8221;]<\/p>\n<h2>Celami Stowarzyszenia s\u0105<\/h2>\n<p>[\/et_pb_text][et_pb_divider divider_weight=&#8221;4px&#8221; _builder_version=&#8221;4.16&#8243; _module_preset=&#8221;default&#8221; width=&#8221;100px&#8221; module_alignment=&#8221;center&#8221; custom_margin=&#8221;||10px||false|false&#8221; locked=&#8221;off&#8221; global_colors_info=&#8221;{}&#8221;][\/et_pb_divider][et_pb_text _builder_version=&#8221;4.16&#8243; _module_preset=&#8221;default&#8221; text_font=&#8221;|300|||||||&#8221; text_font_size=&#8221;18px&#8221; global_colors_info=&#8221;{}&#8221;]<\/p>\n<p id=\"a11y-procedura\"><strong>1.<\/strong> Aktywizacja os\u00f3b zagro\u017conych wykluczeniem spo\u0142ecznym ze szczeg\u00f3lnym uwzgl\u0119dnieniem os\u00f3b niepe\u0142nosprawnych oraz starszych; skupiaj\u0105c\u0105 si\u0119 g\u0142\u00f3wnie na ich funkcjonowaniu w \u017cyciu zawodowym, spo\u0142ecznym oraz kulturalnym.<br \/><strong>2.<\/strong> Wspieranie rehabilitacji zawodowej i spo\u0142ecznej os\u00f3b niepe\u0142nosprawnych i innych zagro\u017conych wykluczeniem spo\u0142ecznym.<br \/><strong>3.<\/strong> Wykorzystanie potencja\u0142u os\u00f3b zagro\u017conych wykluczeniem spo\u0142ecznym w pe\u0142nieniu przez nich r\u00f3l spo\u0142ecznych.<br \/><strong>4.<\/strong> Upowszechnienia dobrej i sprawdzonej praktyki w zakresie integracji oraz rehabilitacji zawodowej i spo\u0142ecznej os\u00f3b zagro\u017conych wykluczeniem spo\u0142ecznym &#8211; dzia\u0142alno\u015b\u0107 szkoleniowa, informacyjna oraz poradnictwo w spo\u0142ecze\u0144stwie.<br \/><strong>5.<\/strong> Wsp\u00f3\u0142praca z osobami i instytucjami w zakresie zbierania informacji i wymiany do\u015bwiadcze\u0144 dotycz\u0105cych pomocy osobom zagro\u017conym wykluczeniem spo\u0142ecznym.<br \/><strong>6.<\/strong> Podejmowanie i wspieranie wszelkiego rodzaju inicjatyw maj\u0105cych na celu popraw\u0119 stanu \u015brodowiska, wdra\u017canie rozwoju zr\u00f3wnowa\u017conego oraz propagowanie \u015bwiadomo\u015bci ekologicznej w\u015br\u00f3d os\u00f3b zagro\u017conych wykluczeniem spo\u0142ecznym ze szczeg\u00f3lnym uwzgl\u0119dnieniem os\u00f3b niepe\u0142nosprawnych oraz starszych.<\/p>\n<p>[\/et_pb_text][\/et_pb_column][\/et_pb_row][\/et_pb_section][et_pb_section fb_built=&#8221;1&#8243; _builder_version=&#8221;4.16&#8243; _module_preset=&#8221;default&#8221; custom_padding=&#8221;||||false|false&#8221; global_colors_info=&#8221;{}&#8221;][et_pb_row make_equal=&#8221;on&#8221; _builder_version=&#8221;4.16&#8243; _module_preset=&#8221;default&#8221; width_tablet=&#8221;95%&#8221; width_phone=&#8221;95%&#8221; width_last_edited=&#8221;on|desktop&#8221; global_colors_info=&#8221;{}&#8221;][et_pb_column type=&#8221;4_4&#8243; _builder_version=&#8221;4.16&#8243; _module_preset=&#8221;default&#8221; global_colors_info=&#8221;{}&#8221;][et_pb_text _builder_version=&#8221;4.16&#8243; _module_preset=&#8221;default&#8221; text_font=&#8221;|300|||||||&#8221; text_font_size=&#8221;18px&#8221; text_orientation=&#8221;center&#8221; custom_margin=&#8221;||10px||false|false&#8221; locked=&#8221;off&#8221; global_colors_info=&#8221;{}&#8221;]<\/p>\n<h2>Stowarzyszenie b\u0119dzie realizowa\u0107 swoje cele poprzez prowadzenie nieodp\u0142atnej dzia\u0142alno\u015bci po\u017cytku publicznego w zakresie:<\/h2>\n<p>[\/et_pb_text][et_pb_divider divider_weight=&#8221;4px&#8221; _builder_version=&#8221;4.16&#8243; _module_preset=&#8221;default&#8221; width=&#8221;100px&#8221; module_alignment=&#8221;center&#8221; custom_margin=&#8221;||10px||false|false&#8221; locked=&#8221;off&#8221; global_colors_info=&#8221;{}&#8221;][\/et_pb_divider][et_pb_text _builder_version=&#8221;4.16&#8243; _module_preset=&#8221;default&#8221; text_font=&#8221;|300|||||||&#8221; text_font_size=&#8221;18px&#8221; global_colors_info=&#8221;{}&#8221;]<\/p>\n<ol>\n<li><strong>Prowadzenie dzia\u0142alno\u015bci:<\/strong><br \/>a) informacyjnej,<br \/>b) edukacyjnej,<br \/>c) terapeutycznej,<br \/>d) rehabilitacyjnej,<br \/>e) us\u0142ug spo\u0142ecznych dla os\u00f3b zagro\u017conych wykluczeniem spo\u0142ecznym.<\/li>\n<li><strong>Prowadzenie:<br \/><\/strong>a) Warsztat\u00f3w Terapii Zaj\u0119ciowej,<br \/>b) Dom\u00f3w Pomocy Spo\u0142ecznej,<br \/>c) \u015awietlic \u015arodowiskowych,<br \/>d) mieszka\u0144 chronionych,<br \/>e) podmiot\u00f3w ekonomii spo\u0142ecznej,<br \/>f) oraz innych instytucji pomagaj\u0105cych w lepszym funkcjonowaniu os\u00f3b zagro\u017conych wykluczeniem spo\u0142ecznym w spo\u0142ecze\u0144stwie<\/li>\n<li><strong>Prowadzenie dzia\u0142alno\u015bci szkoleniowej i wydawniczej.<\/strong><\/li>\n<li><strong>Inicjowanie i organizowanie r\u00f3\u017cnych form aktywizacji os\u00f3b zagro\u017conych wykluczeniem spo\u0142ecznym, zmierzaj\u0105cych do pe\u0142nienia przez nich r\u00f3l spo\u0142ecznych.<\/strong><\/li>\n<li><strong>Organizowanie dzia\u0142alno\u015bci:<br \/><\/strong>a) o\u015bwiatowej (zebra\u0144, odczyt\u00f3w, konferencji, spotka\u0144, seminari\u00f3w),<br \/>b) dzia\u0142alno\u015bci kulturalnej (wystawy, imprezy kulturalne, spektakle).<strong><br \/><\/strong><\/li>\n<li><strong>Organizowanie dzia\u0142alno\u015bci sportowej (zawody, olimpiady, spartakiady).<\/strong><\/li>\n<li><strong>Wsp\u00f3\u0142prac\u0119 i wymian\u0119 informacji z krajowymi, zagranicznymi i mi\u0119dzynarodowymi organizacjami i instytucjami o podobnych do stowarzyszenia celach.<\/strong><\/li>\n<li><strong>Roztaczanie specjalistycznej opieki nad osobami zagro\u017conymi wykluczeniem spo\u0142ecznym.<\/strong><\/li>\n<li><strong>Promocja i organizacja wolontariatu na rzecz os\u00f3b zagro\u017conych wykluczeniem spo\u0142ecznym.<\/strong><\/li>\n<li><strong>Inicjowanie i organizowanie imprez ekologicznych, spotka\u0144 i szkole\u0144.<\/strong><\/li>\n<\/ol>\n<p>[\/et_pb_text][\/et_pb_column][\/et_pb_row][\/et_pb_section][et_pb_section fb_built=&#8221;1&#8243; _builder_version=&#8221;4.16&#8243; _module_preset=&#8221;default&#8221; background_color=&#8221;rgba(255,180,66,0.1)&#8221; global_colors_info=&#8221;{}&#8221;][et_pb_row make_equal=&#8221;on&#8221; _builder_version=&#8221;4.16&#8243; _module_preset=&#8221;default&#8221; width_tablet=&#8221;95%&#8221; width_phone=&#8221;95%&#8221; width_last_edited=&#8221;on|desktop&#8221; global_colors_info=&#8221;{}&#8221;][et_pb_column type=&#8221;4_4&#8243; _builder_version=&#8221;4.16&#8243; _module_preset=&#8221;default&#8221; global_colors_info=&#8221;{}&#8221;][et_pb_text _builder_version=&#8221;4.16&#8243; _module_preset=&#8221;default&#8221; text_font=&#8221;|300|||||||&#8221; text_font_size=&#8221;18px&#8221; text_orientation=&#8221;center&#8221; custom_margin=&#8221;||10px||false|false&#8221; locked=&#8221;off&#8221; global_colors_info=&#8221;{}&#8221;]<\/p>\n<h2>Stowarzyszenie b\u0119dzie realizowa\u0107 swoje cele poprzez prowadzenie odp\u0142atnej dzia\u0142alno\u015bci po\u017cytku publicznego w zakresie:<\/h2>\n<p>[\/et_pb_text][et_pb_divider divider_weight=&#8221;4px&#8221; _builder_version=&#8221;4.16&#8243; _module_preset=&#8221;default&#8221; width=&#8221;100px&#8221; module_alignment=&#8221;center&#8221; custom_margin=&#8221;||10px||false|false&#8221; locked=&#8221;off&#8221; global_colors_info=&#8221;{}&#8221;][\/et_pb_divider][et_pb_text _builder_version=&#8221;4.16&#8243; _module_preset=&#8221;default&#8221; text_font=&#8221;|300|||||||&#8221; text_font_size=&#8221;18px&#8221; global_colors_info=&#8221;{}&#8221;]<\/p>\n<p id=\"a11y-procedura\"><strong>1.<\/strong> Sprzeda\u017c towar\u00f3w lub us\u0142ug wytworzonych lub \u015bwiadczonych przez osoby bezpo\u015brednio korzystaj\u0105ce z dzia\u0142alno\u015bci po\u017cytku publicznego, w szczeg\u00f3lno\u015bci w zakresie rehabilitacji oraz przystosowania do pracy zawodowej os\u00f3b niepe\u0142nosprawnych oraz reintegracji zawodowej i spo\u0142ecznej os\u00f3b zagro\u017conych wykluczeniem spo\u0142ecznym.<\/p>\n<p>[\/et_pb_text][\/et_pb_column][\/et_pb_row][et_pb_row column_structure=&#8221;1_3,1_3,1_3&#8243; make_equal=&#8221;on&#8221; _builder_version=&#8221;4.16&#8243; _module_preset=&#8221;default&#8221; width_tablet=&#8221;95%&#8221; width_phone=&#8221;95%&#8221; width_last_edited=&#8221;on|desktop&#8221; global_colors_info=&#8221;{}&#8221;][et_pb_column type=&#8221;1_3&#8243; _builder_version=&#8221;4.16&#8243; _module_preset=&#8221;default&#8221; global_colors_info=&#8221;{}&#8221;][et_pb_text _builder_version=&#8221;4.16&#8243; _module_preset=&#8221;default&#8221; text_font=&#8221;|300|||||||&#8221; text_font_size=&#8221;18px&#8221; global_colors_info=&#8221;{}&#8221;]<\/p>\n<p id=\"a11y-procedura\"><strong>2. Prowadzenie dzia\u0142alno\u015bci:<\/strong><br \/>a) informacyjnej,<br \/>b) edukacyjnej,<br \/>c) terapeutycznej,<br \/>d) rehabilitacyjnej,<br \/>e) us\u0142ug spo\u0142ecznych<br \/>dla os\u00f3b zagro\u017conych wykluczeniem spo\u0142ecznym.<\/p>\n<p>[\/et_pb_text][\/et_pb_column][et_pb_column type=&#8221;1_3&#8243; _builder_version=&#8221;4.16&#8243; _module_preset=&#8221;default&#8221; global_colors_info=&#8221;{}&#8221;][et_pb_text _builder_version=&#8221;4.16&#8243; _module_preset=&#8221;default&#8221; text_font=&#8221;|300|||||||&#8221; text_font_size=&#8221;18px&#8221; global_colors_info=&#8221;{}&#8221;]<\/p>\n<p id=\"a11y-procedura\"><strong>3. Prowadzenie:<\/strong><br \/>a) \u015bwietlic,<br \/>b) zaj\u0119\u0107,<br \/>c) klub\u00f3w oraz innych instytucji pomagaj\u0105cych w lepszym funkcjonowaniu os\u00f3b zagro\u017conych wykluczeniem spo\u0142ecznym w spo\u0142ecze\u0144stwie.<\/p>\n<p>[\/et_pb_text][\/et_pb_column][et_pb_column type=&#8221;1_3&#8243; _builder_version=&#8221;4.16&#8243; _module_preset=&#8221;default&#8221; global_colors_info=&#8221;{}&#8221;][et_pb_text _builder_version=&#8221;4.16&#8243; _module_preset=&#8221;default&#8221; text_font=&#8221;|300|||||||&#8221; text_font_size=&#8221;18px&#8221; global_colors_info=&#8221;{}&#8221;]<\/p>\n<p id=\"a11y-procedura\"><strong>4. Prowadzenie dzia\u0142alno\u015bci szkoleniowej i wydawniczej.<\/strong><\/p>\n<p>[\/et_pb_text][\/et_pb_column][\/et_pb_row][et_pb_row make_equal=&#8221;on&#8221; _builder_version=&#8221;4.16&#8243; _module_preset=&#8221;default&#8221; width_tablet=&#8221;95%&#8221; width_phone=&#8221;95%&#8221; width_last_edited=&#8221;on|desktop&#8221; global_colors_info=&#8221;{}&#8221;][et_pb_column type=&#8221;4_4&#8243; _builder_version=&#8221;4.16&#8243; _module_preset=&#8221;default&#8221; global_colors_info=&#8221;{}&#8221;][et_pb_text _builder_version=&#8221;4.16&#8243; _module_preset=&#8221;default&#8221; text_font=&#8221;|300|||||||&#8221; text_font_size=&#8221;18px&#8221; global_colors_info=&#8221;{}&#8221;]<\/p>\n<p><strong>5.<\/strong> <strong>Organizowanie dzia\u0142alno\u015bci:<\/strong><br \/>a) o\u015bwiatowej (zebra\u0144, odczyt\u00f3w, konferencji, spotka\u0144, seminari\u00f3w),<br \/>b) dzia\u0142alno\u015bci kulturalnej (wystawy, imprezy kulturalne, spektakle).<\/p>\n<p><strong>6.<\/strong> Organizowanie dzia\u0142alno\u015bci sportowej (zawody, olimpiady, spartakiady).<\/p>\n<p><strong>7.<\/strong> Roztaczanie specjalistycznej opieki nad osobami zagro\u017conymi wykluczeniem spo\u0142ecznym.<\/p>\n<p><strong>8.<\/strong> Organizowanie turnus\u00f3w rehabilitacyjnych, wyjazd\u00f3w oraz imprez okoliczno\u015bciowych.<\/p>\n<p><strong>9.<\/strong> Podczas wykonywania odp\u0142atnej dzia\u0142alno\u015bci po\u017cytku publicznego mo\u017cna korzysta\u0107 ze \u015bwiadcze\u0144 wolontariuszy.<\/p>\n<p><strong>10.<\/strong> Inicjowanie i organizowanie imprez ekologicznych, spotka\u0144 i szkole\u0144.<\/p>\n<p>[\/et_pb_text][\/et_pb_column][\/et_pb_row][\/et_pb_section][et_pb_section fb_built=&#8221;1&#8243; _builder_version=&#8221;4.16&#8243; _module_preset=&#8221;default&#8221; background_enable_color=&#8221;off&#8221; global_colors_info=&#8221;{}&#8221;][et_pb_row make_equal=&#8221;on&#8221; _builder_version=&#8221;4.16&#8243; _module_preset=&#8221;default&#8221; width_tablet=&#8221;95%&#8221; width_phone=&#8221;95%&#8221; width_last_edited=&#8221;on|desktop&#8221; global_colors_info=&#8221;{}&#8221;][et_pb_column type=&#8221;4_4&#8243; _builder_version=&#8221;4.16&#8243; _module_preset=&#8221;default&#8221; global_colors_info=&#8221;{}&#8221;][et_pb_text _builder_version=&#8221;4.16&#8243; _module_preset=&#8221;default&#8221; text_font=&#8221;|300|||||||&#8221; text_font_size=&#8221;18px&#8221; global_colors_info=&#8221;{}&#8221;]<\/p>\n<p><strong>Nr naszego konta:<\/strong><br \/>Santander Bank: 02 1090 2053 0000 0001 3623 5999<\/p>\n<p>[\/et_pb_text][\/et_pb_column][\/et_pb_row][\/et_pb_section]<\/p>\n","protected":false},"excerpt":{"rendered":"<p>O nasWARSZTAT TERAPII ZAJ\u0118CIOWEJZa\u0142o\u017cony zosta\u0142 15 marca 1993 roku i jest to plac\u00f3wk\u0105 pobytu dziennego dla os\u00f3b z miasta Krakowa i gmin o\u015bciennych (po podpisaniu porozumienia mi\u0119dzy Gmin\u0105 Miejsk\u0105 Krak\u00f3w, a gmin\u0105 o\u015bcienn\u0105). WTZ prowadzi kompleksow\u0105 rehabilitacj\u0119 35 os\u00f3b z niepe\u0142nosprawno\u015bci\u0105 intelektualn\u0105. Formy terapii zawodowej i spo\u0142ecznej skierowane s\u0105 do os\u00f3b ze znacznym lub umiarkowanym [&hellip;]<\/p>\n","protected":false},"author":1,"featured_media":0,"parent":0,"menu_order":0,"comment_status":"closed","ping_status":"closed","template":"","meta":{"_et_pb_use_builder":"on","_et_pb_old_content":"","_et_gb_content_width":"","footnotes":""},"class_list":["post-145","page","type-page","status-publish","hentry"],"_links":{"self":[{"href":"https:\/\/emaus18.pl\/index.php?rest_route=\/wp\/v2\/pages\/145","targetHints":{"allow":["GET"]}}],"collection":[{"href":"https:\/\/emaus18.pl\/index.php?rest_route=\/wp\/v2\/pages"}],"about":[{"href":"https:\/\/emaus18.pl\/index.php?rest_route=\/wp\/v2\/types\/page"}],"author":[{"embeddable":true,"href":"https:\/\/emaus18.pl\/index.php?rest_route=\/wp\/v2\/users\/1"}],"replies":[{"embeddable":true,"href":"https:\/\/emaus18.pl\/index.php?rest_route=%2Fwp%2Fv2%2Fcomments&post=145"}],"version-history":[{"count":7,"href":"https:\/\/emaus18.pl\/index.php?rest_route=\/wp\/v2\/pages\/145\/revisions"}],"predecessor-version":[{"id":9420,"href":"https:\/\/emaus18.pl\/index.php?rest_route=\/wp\/v2\/pages\/145\/revisions\/9420"}],"wp:attachment":[{"href":"https:\/\/emaus18.pl\/index.php?rest_route=%2Fwp%2Fv2%2Fmedia&parent=145"}],"curies":[{"name":"wp","href":"https:\/\/api.w.org\/{rel}","templated":true}]}}